{"id":107,"date":"2018-03-22T14:26:33","date_gmt":"2018-03-22T14:26:33","guid":{"rendered":"http:\/\/frentecivica.com\/?page_id=107"},"modified":"2023-01-04T14:47:56","modified_gmt":"2023-01-04T14:47:56","slug":"carta-de-principios","status":"publish","type":"page","link":"https:\/\/frentecivica.com\/?page_id=107","title":{"rendered":"Carta de Princ\u00edpios"},"content":{"rendered":"\t\t<div data-elementor-type=\"wp-page\" data-elementor-id=\"107\" class=\"elementor elementor-107\">\n\t\t\t\t\t\t<section class=\"elementor-section elementor-top-section elementor-element elementor-element-2bdce12 elementor-section-boxed elementor-section-height-default elementor-section-height-default\" data-id=\"2bdce12\" data-element_type=\"section\">\n\t\t\t\t\t\t<div class=\"elementor-container elementor-column-gap-default\">\n\t\t\t\t\t<div class=\"elementor-column elementor-col-100 elementor-top-column elementor-element elementor-element-bbee07b\" data-id=\"bbee07b\" data-element_type=\"column\">\n\t\t\t<div class=\"elementor-widget-wrap elementor-element-populated\">\n\t\t\t\t\t\t<div class=\"elementor-element elementor-element-f768e22 elementor-widget elementor-widget-heading\" data-id=\"f768e22\" data-element_type=\"widget\" data-widget_type=\"heading.default\">\n\t\t\t\t<div class=\"elementor-widget-container\">\n\t\t\t\t\t<h2 class=\"elementor-heading-title elementor-size-default\">Carta de Princ\u00edpios<\/h2>\t\t\t\t<\/div>\n\t\t\t\t<\/div>\n\t\t\t\t\t<\/div>\n\t\t<\/div>\n\t\t\t\t\t<\/div>\n\t\t<\/section>\n\t\t\t\t<section class=\"elementor-section elementor-top-section elementor-element elementor-element-00c8c6f elementor-section-boxed elementor-section-height-default elementor-section-height-default\" data-id=\"00c8c6f\" data-element_type=\"section\">\n\t\t\t\t\t\t<div class=\"elementor-container elementor-column-gap-default\">\n\t\t\t\t\t<div class=\"elementor-column elementor-col-100 elementor-top-column elementor-element elementor-element-d1c5db7\" data-id=\"d1c5db7\" data-element_type=\"column\">\n\t\t\t<div class=\"elementor-widget-wrap elementor-element-populated\">\n\t\t\t\t\t\t<div class=\"elementor-element elementor-element-6f5e3fe elementor-widget elementor-widget-text-editor\" data-id=\"6f5e3fe\" data-element_type=\"widget\" data-widget_type=\"text-editor.default\">\n\t\t\t\t<div class=\"elementor-widget-container\">\n\t\t\t\t\t\t\t\t\t<p><span style=\"font-family: tahoma, arial, helvetica, sans-serif;\">A Frente C\u00edvica \u00e9 uma rede de pensamento e ac\u00e7\u00e3o colectivos. Procura combater os problemas cr\u00f3nicos da sociedade portuguesa, atrav\u00e9s da den\u00fancia dos mecanismos subjacentes e dos seus respons\u00e1veis, identificando solu\u00e7\u00f5es e formas de as implementar. A Frente C\u00edvica \u00e9 um movimento de cidad\u00e3os para cidad\u00e3os que recusa ideologias partid\u00e1rias e apenas aceita princ\u00edpios de ac\u00e7\u00f5es. A Frente C\u00edvica quer promover a reflex\u00e3o sobre os problemas sociais e pol\u00edticos que afectam Portugal e pugnar pela sua resolu\u00e7\u00e3o em benef\u00edcio do colectivo. A Frente C\u00edvica rege-se pelos seguintes princ\u00edpios:<\/span><\/p><p><span style=\"font-family: tahoma, arial, helvetica, sans-serif;\">1. A Frente C\u00edvica defende a dignidade da pessoa humana, pugna pelos direitos humanos e elege a liberdade, a igualdade, a solidariedade e a justi\u00e7a como vectores fundamentais.<\/span><\/p><p><span style=\"font-family: tahoma, arial, helvetica, sans-serif;\">2. A Frente C\u00edvica respeita o Estado de Direito democr\u00e1tico e a soberania Portuguesa.<\/span><\/p><p><span style=\"font-family: tahoma, arial, helvetica, sans-serif;\">3. A Frente C\u00edvica promove o princ\u00edpio da democracia participativa, reconhecendo a cada cidad\u00e3o o direito a participar no debate, delibera\u00e7\u00e3o e tomada de decis\u00e3o relativamente ao governo e destino do Pa\u00eds.<\/span><\/p><p><span style=\"font-family: tahoma, arial, helvetica, sans-serif;\">4. A Frente C\u00edvica apoia-se na defesa do princ\u00edpio constitucional da liberdade de express\u00e3o, princ\u00edpio que honra combatendo o medo e todas as tentativas de cercear o livre debate e o direito \u00e0 opini\u00e3o.<\/span><\/p><p><span style=\"font-family: tahoma, arial, helvetica, sans-serif;\">5. A Frente C\u00edvica defende uma sociedade solid\u00e1ria e inclusiva, procurando envolver nas suas ac\u00e7\u00f5es cidad\u00e3os de qualquer estatuto socioecon\u00f3mico, em especial os que n\u00e3o t\u00eam recursos para participar nos processos democr\u00e1ticos.<\/span><\/p><p><span style=\"font-family: tahoma, arial, helvetica, sans-serif;\">6. A Frente C\u00edvica salvaguarda o interesse geral em todas as suas ac\u00e7\u00f5es, procurando solu\u00e7\u00f5es que beneficiem os cidad\u00e3os e a comunidade nacional, assim como as suas futuras gera\u00e7\u00f5es.<\/span><\/p><p><span style=\"font-family: tahoma, arial, helvetica, sans-serif;\">7. A Frente C\u00edvica pugna pela transpar\u00eancia da vida p\u00fablica, pela equidade fiscal, a probidade nos gastos p\u00fablicos e a sustentabilidade ambiental.<\/span><\/p><p><span style=\"font-family: tahoma, arial, helvetica, sans-serif;\">8. A Frente C\u00edvica defende um espa\u00e7o p\u00fablico saud\u00e1vel, participativo e aberto \u00e0 discuss\u00e3o sobre quest\u00f5es que verdadeiramente afectam a qualidade de vida, seguran\u00e7a e conforto dos portugueses.<\/span><\/p><p><span style=\"font-family: tahoma, arial, helvetica, sans-serif;\">9. A Frente C\u00edvica usa todos os meios leg\u00edtimos \u00e0 sua disposi\u00e7\u00e3o para defender as causas pelas quais se bate sem olhar a fronteiras, desde a den\u00fancia p\u00fablica \u00e0s inst\u00e2ncias judiciais, passando pela interpela\u00e7\u00e3o de respons\u00e1veis pol\u00edticos e administrativos.<\/span><\/p><p><span style=\"font-family: tahoma, arial, helvetica, sans-serif;\">10. A Frente C\u00edvica pugna pela mobiliza\u00e7\u00e3o activa dos portugueses na defesa das causas colectivas, combatendo a indiferen\u00e7a e o alheamento pol\u00edtico.<\/span><\/p>\t\t\t\t\t\t\t\t<\/div>\n\t\t\t\t<\/div>\n\t\t\t\t\t<\/div>\n\t\t<\/div>\n\t\t\t\t\t<\/div>\n\t\t<\/section>\n\t\t\t\t<\/div>\n\t\t","protected":false},"excerpt":{"rendered":"<p>Carta de Princ\u00edpios A Frente C\u00edvica \u00e9 uma rede de pensamento e ac\u00e7\u00e3o colectivos. Procura combater os problemas cr\u00f3nicos da sociedade portuguesa, atrav\u00e9s da den\u00fancia dos mecanismos subjacentes e dos seus respons\u00e1veis, identificando solu\u00e7\u00f5es e formas de as implementar. A Frente C\u00edvica \u00e9 um movimento de cidad\u00e3os para cidad\u00e3os que recusa ideologias partid\u00e1rias e apenas &#8230; <a title=\"Carta de Princ\u00edpios\" class=\"read-more\" href=\"https:\/\/frentecivica.com\/?page_id=107\" aria-label=\"Leia mais sobre Carta de Princ\u00edpios\">Ler mais<\/a><\/p>\n","protected":false},"author":1,"featured_media":0,"parent":1299,"menu_order":1,"comment_status":"closed","ping_status":"closed","template":"","meta":{"footnotes":""},"class_list":["post-107","page","type-page","status-publish"],"_links":{"self":[{"href":"https:\/\/frentecivica.com\/index.php?rest_route=\/wp\/v2\/pages\/107","targetHints":{"allow":["GET"]}}],"collection":[{"href":"https:\/\/frentecivica.com\/index.php?rest_route=\/wp\/v2\/pages"}],"about":[{"href":"https:\/\/frentecivica.com\/index.php?rest_route=\/wp\/v2\/types\/page"}],"author":[{"embeddable":true,"href":"https:\/\/frentecivica.com\/index.php?rest_route=\/wp\/v2\/users\/1"}],"replies":[{"embeddable":true,"href":"https:\/\/frentecivica.com\/index.php?rest_route=%2Fwp%2Fv2%2Fcomments&post=107"}],"version-history":[{"count":46,"href":"https:\/\/frentecivica.com\/index.php?rest_route=\/wp\/v2\/pages\/107\/revisions"}],"predecessor-version":[{"id":1666,"href":"https:\/\/frentecivica.com\/index.php?rest_route=\/wp\/v2\/pages\/107\/revisions\/1666"}],"up":[{"embeddable":true,"href":"https:\/\/frentecivica.com\/index.php?rest_route=\/wp\/v2\/pages\/1299"}],"wp:attachment":[{"href":"https:\/\/frentecivica.com\/index.php?rest_route=%2Fwp%2Fv2%2Fmedia&parent=107"}],"curies":[{"name":"wp","href":"https:\/\/api.w.org\/{rel}","templated":true}]}}