{"id":1265,"date":"2023-01-03T03:01:07","date_gmt":"2023-01-03T03:01:07","guid":{"rendered":"https:\/\/frentecivica.com\/?page_id=1265"},"modified":"2023-01-04T14:38:18","modified_gmt":"2023-01-04T14:38:18","slug":"iniciativas","status":"publish","type":"page","link":"https:\/\/frentecivica.com\/?page_id=1265","title":{"rendered":"Iniciativas"},"content":{"rendered":"\t\t<div data-elementor-type=\"wp-page\" data-elementor-id=\"1265\" class=\"elementor elementor-1265\">\n\t\t\t\t\t\t<section class=\"elementor-section elementor-top-section elementor-element elementor-element-d110b4e elementor-section-boxed elementor-section-height-default elementor-section-height-default\" data-id=\"d110b4e\" data-element_type=\"section\">\n\t\t\t\t\t\t<div class=\"elementor-container elementor-column-gap-default\">\n\t\t\t\t\t<div class=\"elementor-column elementor-col-100 elementor-top-column elementor-element elementor-element-b0467a3\" data-id=\"b0467a3\" data-element_type=\"column\">\n\t\t\t<div class=\"elementor-widget-wrap elementor-element-populated\">\n\t\t\t\t\t\t<div class=\"elementor-element elementor-element-2292e87 elementor-widget elementor-widget-heading\" data-id=\"2292e87\" data-element_type=\"widget\" data-widget_type=\"heading.default\">\n\t\t\t\t<div class=\"elementor-widget-container\">\n\t\t\t\t\t<h2 class=\"elementor-heading-title elementor-size-default\">Liberdade de Express\u00e3o<\/h2>\t\t\t\t<\/div>\n\t\t\t\t<\/div>\n\t\t\t\t\t<\/div>\n\t\t<\/div>\n\t\t\t\t\t<\/div>\n\t\t<\/section>\n\t\t\t\t<section class=\"elementor-section elementor-top-section elementor-element elementor-element-1d53bf9 elementor-section-boxed elementor-section-height-default elementor-section-height-default\" data-id=\"1d53bf9\" data-element_type=\"section\">\n\t\t\t\t\t\t<div class=\"elementor-container elementor-column-gap-default\">\n\t\t\t\t\t<div class=\"elementor-column elementor-col-100 elementor-top-column elementor-element elementor-element-5adfe8c\" data-id=\"5adfe8c\" data-element_type=\"column\">\n\t\t\t<div class=\"elementor-widget-wrap elementor-element-populated\">\n\t\t\t\t\t\t<div class=\"elementor-element elementor-element-a1e02a6 elementor-widget elementor-widget-text-editor\" data-id=\"a1e02a6\" data-element_type=\"widget\" data-widget_type=\"text-editor.default\">\n\t\t\t\t<div class=\"elementor-widget-container\">\n\t\t\t\t\t\t\t\t\t<p>Apesar de garantida na lei e na Constitui\u00e7\u00e3o, a liberdade de express\u00e3o em Portugal continua a ser condicionada, sobretudo por via de ac\u00e7\u00f5es de litig\u00e2ncia de m\u00e1-f\u00e9 (quase invariavelmente promovidas pelos poderosos contra activistas, jornalistas ou cidad\u00e3os comuns), que visa exercer repres\u00e1lias sobre vozes cr\u00edticas ou sobre denunciantes de irregularidades, atrav\u00e9s de queixas-crime e acusa\u00e7\u00f5es por crimes de difama\u00e7\u00e3o, den\u00fancia caluniosa ou de ofensa a pessoa coletiva.<\/p><p>A Frente C\u00edvica estar\u00e1 atuante na den\u00fancia destes mecanismos de condicionamento da cr\u00edtica e da livre express\u00e3o de ideias, pugnando por solu\u00e7\u00f5es pol\u00edticas e legislativas \u2013 a n\u00edvel nacional e na Uni\u00e3o Europeia \u2013 que impe\u00e7am o abuso de litig\u00e2ncia estrat\u00e9gica contra a livre opini\u00e3o e o direito \u00e0 cr\u00edtica.<\/p>\t\t\t\t\t\t\t\t<\/div>\n\t\t\t\t<\/div>\n\t\t\t\t\t<\/div>\n\t\t<\/div>\n\t\t\t\t\t<\/div>\n\t\t<\/section>\n\t\t\t\t<section class=\"elementor-section elementor-top-section elementor-element elementor-element-6ff1528 elementor-section-boxed elementor-section-height-default elementor-section-height-default\" data-id=\"6ff1528\" data-element_type=\"section\">\n\t\t\t\t\t\t<div class=\"elementor-container elementor-column-gap-default\">\n\t\t\t\t\t<div class=\"elementor-column elementor-col-100 elementor-top-column elementor-element elementor-element-199043f\" data-id=\"199043f\" data-element_type=\"column\">\n\t\t\t<div class=\"elementor-widget-wrap elementor-element-populated\">\n\t\t\t\t\t\t<div class=\"elementor-element elementor-element-ff433d1 elementor-widget elementor-widget-heading\" data-id=\"ff433d1\" data-element_type=\"widget\" data-widget_type=\"heading.default\">\n\t\t\t\t<div class=\"elementor-widget-container\">\n\t\t\t\t\t<h2 class=\"elementor-heading-title elementor-size-default\">Nacionalidade<\/h2>\t\t\t\t<\/div>\n\t\t\t\t<\/div>\n\t\t\t\t\t<\/div>\n\t\t<\/div>\n\t\t\t\t\t<\/div>\n\t\t<\/section>\n\t\t\t\t<section class=\"elementor-section elementor-top-section elementor-element elementor-element-896d50c elementor-section-boxed elementor-section-height-default elementor-section-height-default\" data-id=\"896d50c\" data-element_type=\"section\">\n\t\t\t\t\t\t<div class=\"elementor-container elementor-column-gap-default\">\n\t\t\t\t\t<div class=\"elementor-column elementor-col-100 elementor-top-column elementor-element elementor-element-bb8ad44\" data-id=\"bb8ad44\" data-element_type=\"column\">\n\t\t\t<div class=\"elementor-widget-wrap elementor-element-populated\">\n\t\t\t\t\t\t<div class=\"elementor-element elementor-element-4e665ef elementor-widget elementor-widget-text-editor\" data-id=\"4e665ef\" data-element_type=\"widget\" data-widget_type=\"text-editor.default\">\n\t\t\t\t<div class=\"elementor-widget-container\">\n\t\t\t\t\t\t\t\t\t<p>As pol\u00edticas de concess\u00e3o de direitos de resid\u00eancia atrav\u00e9s de mecanismos como os Vistos Gold, ou mesmo de nacionalidade, por via da naturaliza\u00e7\u00e3o de descendentes de judeus sefarditas, colocam enormes riscos de corrup\u00e7\u00e3o e de infiltra\u00e7\u00e3o por pessoas ou redes criminosas e de lavagem de dinheiro.<\/p><p>Trata-se de aut\u00eanticos esquemas de venda de soberania que, al\u00e9m dos riscos de abuso por criminosos internacionais, degradam a reputa\u00e7\u00e3o de Portugal no mundo. A Uni\u00e3o Europeia tem dado cada vez mais aten\u00e7\u00e3o a estes esquemas em v\u00e1rios Estados-Membros, incluindo Portugal.<\/p><p>A Frente C\u00edvica, que tem estado na linha da frente das den\u00fancias sobre o abuso da chamada Lei dos Sefarditas, continuar\u00e1 atenta a esta quest\u00e3o, defendendo o fim de mecanismos que colocam \u00e0 venda direitos de cidadania e transformam a soberania nacional num neg\u00f3cio vendido no mercado global.<\/p>\t\t\t\t\t\t\t\t<\/div>\n\t\t\t\t<\/div>\n\t\t\t\t\t<\/div>\n\t\t<\/div>\n\t\t\t\t\t<\/div>\n\t\t<\/section>\n\t\t\t\t<section class=\"elementor-section elementor-top-section elementor-element elementor-element-8cfe00f elementor-section-boxed elementor-section-height-default elementor-section-height-default\" data-id=\"8cfe00f\" data-element_type=\"section\">\n\t\t\t\t\t\t<div class=\"elementor-container elementor-column-gap-default\">\n\t\t\t\t\t<div class=\"elementor-column elementor-col-100 elementor-top-column elementor-element elementor-element-1b7fc49\" data-id=\"1b7fc49\" data-element_type=\"column\">\n\t\t\t<div class=\"elementor-widget-wrap elementor-element-populated\">\n\t\t\t\t\t\t<div class=\"elementor-element elementor-element-9d7a481 elementor-widget elementor-widget-heading\" data-id=\"9d7a481\" data-element_type=\"widget\" data-widget_type=\"heading.default\">\n\t\t\t\t<div class=\"elementor-widget-container\">\n\t\t\t\t\t<h2 class=\"elementor-heading-title elementor-size-default\">Seguros Autom\u00f3vel<\/h2>\t\t\t\t<\/div>\n\t\t\t\t<\/div>\n\t\t\t\t\t<\/div>\n\t\t<\/div>\n\t\t\t\t\t<\/div>\n\t\t<\/section>\n\t\t\t\t<section class=\"elementor-section elementor-top-section elementor-element elementor-element-e2898c3 elementor-section-boxed elementor-section-height-default elementor-section-height-default\" data-id=\"e2898c3\" data-element_type=\"section\">\n\t\t\t\t\t\t<div class=\"elementor-container elementor-column-gap-default\">\n\t\t\t\t\t<div class=\"elementor-column elementor-col-100 elementor-top-column elementor-element elementor-element-7b317c6\" data-id=\"7b317c6\" data-element_type=\"column\">\n\t\t\t<div class=\"elementor-widget-wrap elementor-element-populated\">\n\t\t\t\t\t\t<div class=\"elementor-element elementor-element-10f2f51 elementor-widget elementor-widget-text-editor\" data-id=\"10f2f51\" data-element_type=\"widget\" data-widget_type=\"text-editor.default\">\n\t\t\t\t<div class=\"elementor-widget-container\">\n\t\t\t\t\t\t\t\t\t<p>Os per\u00edodos de confinamento obrigat\u00f3rio ditados pela pandemia em 2020 e 2021 impuseram uma redu\u00e7\u00e3o muito significativa da sinistralidade rodovi\u00e1ria, com impacto directo nos n\u00edveis de risco associados aos contratos de seguro autom\u00f3vel. A lei dita que essa diminui\u00e7\u00e3o do risco devia ter sido partilhada com os consumidores, atrav\u00e9s de uma redu\u00e7\u00e3o do pr\u00e9mio do seguro. Em devido tempo, a Frente C\u00edvica alertou o Governo e o regulador \u2013 a Autoridade Supervisora de Seguros e Fundos de Pens\u00f5es \u2013 para a necessidade de fazer cumprir esta obriga\u00e7\u00e3o legal junto das seguradoras.<\/p><p>No entanto, a generalidade das seguradoras n\u00e3o reflectiram a diminui\u00e7\u00e3o do risco nos pre\u00e7os praticados junto dos consumidores; ou f\u00ea-lo com redu\u00e7\u00f5es pouco mais do que simb\u00f3licas, garantido desta forma para si pr\u00f3prias lucros milion\u00e1rios, ao arrepio da lei e contra os interesses dos consumidores.<\/p><p>Inconformada, a Frente C\u00edvica continuar\u00e1 a denunciar esta situa\u00e7\u00e3o e procurar\u00e1 meios de responsabiliza\u00e7\u00e3o das seguradoras, do regulador e do Governo pela sua inac\u00e7\u00e3o nesta mat\u00e9ria.<\/p>\t\t\t\t\t\t\t\t<\/div>\n\t\t\t\t<\/div>\n\t\t\t\t\t<\/div>\n\t\t<\/div>\n\t\t\t\t\t<\/div>\n\t\t<\/section>\n\t\t\t\t<section class=\"elementor-section elementor-top-section elementor-element elementor-element-4d27dec elementor-section-boxed elementor-section-height-default elementor-section-height-default\" data-id=\"4d27dec\" data-element_type=\"section\">\n\t\t\t\t\t\t<div class=\"elementor-container elementor-column-gap-default\">\n\t\t\t\t\t<div class=\"elementor-column elementor-col-100 elementor-top-column elementor-element elementor-element-05bde19\" data-id=\"05bde19\" data-element_type=\"column\">\n\t\t\t<div class=\"elementor-widget-wrap elementor-element-populated\">\n\t\t\t\t\t\t<div class=\"elementor-element elementor-element-0ff2848 elementor-widget elementor-widget-heading\" data-id=\"0ff2848\" data-element_type=\"widget\" data-widget_type=\"heading.default\">\n\t\t\t\t<div class=\"elementor-widget-container\">\n\t\t\t\t\t<h2 class=\"elementor-heading-title elementor-size-default\">Parcerias P\u00fablico-Privadas rodovi\u00e1rias<\/h2>\t\t\t\t<\/div>\n\t\t\t\t<\/div>\n\t\t\t\t\t<\/div>\n\t\t<\/div>\n\t\t\t\t\t<\/div>\n\t\t<\/section>\n\t\t\t\t<section class=\"elementor-section elementor-top-section elementor-element elementor-element-dc6aa96 elementor-section-boxed elementor-section-height-default elementor-section-height-default\" data-id=\"dc6aa96\" data-element_type=\"section\">\n\t\t\t\t\t\t<div class=\"elementor-container elementor-column-gap-default\">\n\t\t\t\t\t<div class=\"elementor-column elementor-col-100 elementor-top-column elementor-element elementor-element-6a37ff1\" data-id=\"6a37ff1\" data-element_type=\"column\">\n\t\t\t<div class=\"elementor-widget-wrap elementor-element-populated\">\n\t\t\t\t\t\t<div class=\"elementor-element elementor-element-3bb3b51 elementor-widget elementor-widget-text-editor\" data-id=\"3bb3b51\" data-element_type=\"widget\" data-widget_type=\"text-editor.default\">\n\t\t\t\t<div class=\"elementor-widget-container\">\n\t\t\t\t\t\t\t\t\t<p>As PPP rodovi\u00e1rias s\u00e3o um verdadeiro cancro sobre as finan\u00e7as p\u00fablicas, com contratos que garantem aos concession\u00e1rios rendas milion\u00e1rias sem qualquer risco. At\u00e9 ao fim dos contratos, em meados da pr\u00f3xima d\u00e9cada, o Estado ter\u00e1 pago aos privados gestores das PPP v\u00e1rias vezes o valor das infra-estruturas constru\u00eddas. Este verdadeiro esc\u00e2ndalo nacional foi uma das principais causas da Frente C\u00edvica desde a sua funda\u00e7\u00e3o e continua por resolver, por flagrante falta de vontade dos poderes p\u00fablicos.<\/p><p>A Frente C\u00edvica continuar\u00e1 activamente a denunciar esta situa\u00e7\u00e3o e a exigir a extin\u00e7\u00e3o das PPP rodovi\u00e1rias, fazendo reverter para os contribuintes recursos p\u00fablicos preciosos para o desenvolvimento do pa\u00eds. Procuraremos actuar junto do novo Governo e do novo Parlamento, fornecendo estudos e dados actualizados, para que se rompa o consenso de cumplicidade com este neg\u00f3cio e, finalmente, se actue na defesa do interesse p\u00fablico.<\/p>\t\t\t\t\t\t\t\t<\/div>\n\t\t\t\t<\/div>\n\t\t\t\t\t<\/div>\n\t\t<\/div>\n\t\t\t\t\t<\/div>\n\t\t<\/section>\n\t\t\t\t<section class=\"elementor-section elementor-top-section elementor-element elementor-element-5a9b10b elementor-section-boxed elementor-section-height-default elementor-section-height-default\" data-id=\"5a9b10b\" data-element_type=\"section\">\n\t\t\t\t\t\t<div class=\"elementor-container elementor-column-gap-default\">\n\t\t\t\t\t<div class=\"elementor-column elementor-col-100 elementor-top-column elementor-element elementor-element-0de8b46\" data-id=\"0de8b46\" data-element_type=\"column\">\n\t\t\t<div class=\"elementor-widget-wrap elementor-element-populated\">\n\t\t\t\t\t\t<div class=\"elementor-element elementor-element-2cebeaf elementor-widget elementor-widget-heading\" data-id=\"2cebeaf\" data-element_type=\"widget\" data-widget_type=\"heading.default\">\n\t\t\t\t<div class=\"elementor-widget-container\">\n\t\t\t\t\t<h2 class=\"elementor-heading-title elementor-size-default\">Sistema eleitoral<\/h2>\t\t\t\t<\/div>\n\t\t\t\t<\/div>\n\t\t\t\t\t<\/div>\n\t\t<\/div>\n\t\t\t\t\t<\/div>\n\t\t<\/section>\n\t\t\t\t<section class=\"elementor-section elementor-top-section elementor-element elementor-element-cc61431 elementor-section-boxed elementor-section-height-default elementor-section-height-default\" data-id=\"cc61431\" data-element_type=\"section\">\n\t\t\t\t\t\t<div class=\"elementor-container elementor-column-gap-default\">\n\t\t\t\t\t<div class=\"elementor-column elementor-col-100 elementor-top-column elementor-element elementor-element-72a42c4\" data-id=\"72a42c4\" data-element_type=\"column\">\n\t\t\t<div class=\"elementor-widget-wrap elementor-element-populated\">\n\t\t\t\t\t\t<div class=\"elementor-element elementor-element-c9c5e0e elementor-widget elementor-widget-text-editor\" data-id=\"c9c5e0e\" data-element_type=\"widget\" data-widget_type=\"text-editor.default\">\n\t\t\t\t<div class=\"elementor-widget-container\">\n\t\t\t\t\t\t\t\t\t<p>O sistema eleitoral para a Assembleia da Rep\u00fablica continua a sofrer de s\u00e9rias distor\u00e7\u00f5es em Portugal. O reduzido tamanho da maior parte dos c\u00edrculos eleitorais, associado \u00e0 aplica\u00e7\u00e3o do m\u00e9todo de Hondt na convers\u00e3o de votos em mandatos, beneficia sistematicamente os maiores partidos, prejudicando a representa\u00e7\u00e3o dos partidos mais pequenos. Isto significa que v\u00e1rias dezenas de milhar de votos s\u00e3o simplesmente desperdi\u00e7ados em cada elei\u00e7\u00e3o, porque os eleitores dos pequenos partidos nos c\u00edrculos de menor dimens\u00e3o nunca se v\u00eaem representados.<\/p><p>A Frente C\u00edvica j\u00e1 alertou para esta gritante desigualdade em 2019, aquando da elei\u00e7\u00e3o desse ano para a Assembleia da Rep\u00fablica, sem que nada fosse feito. As dificuldades registadas em 2022 com a vota\u00e7\u00e3o nos c\u00edrculos da emigra\u00e7\u00e3o revelou a necessidade de se rever a lei eleitoral. A Frente C\u00edvica procurar\u00e1 aproveitar essa oportunidade para defender a correc\u00e7\u00e3o das desigualdades que persistem no sistema eleitoral, nomeadamente atrav\u00e9s da cria\u00e7\u00e3o de um c\u00edrculo nacional de compensa\u00e7\u00e3o, \u00e0 semelhan\u00e7a do existente nas elei\u00e7\u00f5es para a Assembleia Legislativa Regional dos A\u00e7ores, que garanta a valoriza\u00e7\u00e3o do voto de todos os portugueses.<\/p>\t\t\t\t\t\t\t\t<\/div>\n\t\t\t\t<\/div>\n\t\t\t\t\t<\/div>\n\t\t<\/div>\n\t\t\t\t\t<\/div>\n\t\t<\/section>\n\t\t\t\t<\/div>\n\t\t","protected":false},"excerpt":{"rendered":"<p>Liberdade de Express\u00e3o Apesar de garantida na lei e na Constitui\u00e7\u00e3o, a liberdade de express\u00e3o em Portugal continua a ser condicionada, sobretudo por via de ac\u00e7\u00f5es de litig\u00e2ncia de m\u00e1-f\u00e9 (quase invariavelmente promovidas pelos poderosos contra activistas, jornalistas ou cidad\u00e3os comuns), que visa exercer repres\u00e1lias sobre vozes cr\u00edticas ou sobre denunciantes de irregularidades, atrav\u00e9s de &#8230; <a title=\"Iniciativas\" class=\"read-more\" href=\"https:\/\/frentecivica.com\/?page_id=1265\" aria-label=\"Leia mais sobre Iniciativas\">Ler mais<\/a><\/p>\n","protected":false},"author":1,"featured_media":0,"parent":0,"menu_order":3,"comment_status":"closed","ping_status":"closed","template":"","meta":{"footnotes":""},"class_list":["post-1265","page","type-page","status-publish"],"_links":{"self":[{"href":"https:\/\/frentecivica.com\/index.php?rest_route=\/wp\/v2\/pages\/1265","targetHints":{"allow":["GET"]}}],"collection":[{"href":"https:\/\/frentecivica.com\/index.php?rest_route=\/wp\/v2\/pages"}],"about":[{"href":"https:\/\/frentecivica.com\/index.php?rest_route=\/wp\/v2\/types\/page"}],"author":[{"embeddable":true,"href":"https:\/\/frentecivica.com\/index.php?rest_route=\/wp\/v2\/users\/1"}],"replies":[{"embeddable":true,"href":"https:\/\/frentecivica.com\/index.php?rest_route=%2Fwp%2Fv2%2Fcomments&post=1265"}],"version-history":[{"count":34,"href":"https:\/\/frentecivica.com\/index.php?rest_route=\/wp\/v2\/pages\/1265\/revisions"}],"predecessor-version":[{"id":1638,"href":"https:\/\/frentecivica.com\/index.php?rest_route=\/wp\/v2\/pages\/1265\/revisions\/1638"}],"wp:attachment":[{"href":"https:\/\/frentecivica.com\/index.php?rest_route=%2Fwp%2Fv2%2Fmedia&parent=1265"}],"curies":[{"name":"wp","href":"https:\/\/api.w.org\/{rel}","templated":true}]}}