{"id":1363,"date":"2023-01-03T17:43:14","date_gmt":"2023-01-03T17:43:14","guid":{"rendered":"https:\/\/frentecivica.com\/?page_id=1363"},"modified":"2025-04-13T23:41:41","modified_gmt":"2025-04-13T23:41:41","slug":"prestacao-de-contas","status":"publish","type":"page","link":"https:\/\/frentecivica.com\/?page_id=1363","title":{"rendered":"Presta\u00e7\u00e3o de Contas"},"content":{"rendered":"\t\t<div data-elementor-type=\"wp-page\" data-elementor-id=\"1363\" class=\"elementor elementor-1363\">\n\t\t\t\t\t\t<section class=\"elementor-section elementor-top-section elementor-element elementor-element-bad4aa5 elementor-section-boxed elementor-section-height-default elementor-section-height-default\" data-id=\"bad4aa5\" data-element_type=\"section\" data-settings=\"{&quot;background_background&quot;:&quot;classic&quot;}\">\n\t\t\t\t\t\t<div class=\"elementor-container elementor-column-gap-default\">\n\t\t\t\t\t<div class=\"elementor-column elementor-col-50 elementor-top-column elementor-element elementor-element-24a154f\" data-id=\"24a154f\" data-element_type=\"column\">\n\t\t\t<div class=\"elementor-widget-wrap elementor-element-populated\">\n\t\t\t\t\t\t<div class=\"elementor-element elementor-element-4568d5b elementor-widget elementor-widget-heading\" data-id=\"4568d5b\" data-element_type=\"widget\" data-widget_type=\"heading.default\">\n\t\t\t\t<div class=\"elementor-widget-container\">\n\t\t\t\t\t<h2 class=\"elementor-heading-title elementor-size-default\">Plano de actividades e or\u00e7amento 2025<\/h2>\t\t\t\t<\/div>\n\t\t\t\t<\/div>\n\t\t\t\t\t<\/div>\n\t\t<\/div>\n\t\t\t\t<div class=\"elementor-column elementor-col-50 elementor-top-column elementor-element elementor-element-4140524\" data-id=\"4140524\" data-element_type=\"column\">\n\t\t\t<div class=\"elementor-widget-wrap elementor-element-populated\">\n\t\t\t\t\t\t<div class=\"elementor-element elementor-element-529634a elementor-widget elementor-widget-image\" data-id=\"529634a\" data-element_type=\"widget\" data-widget_type=\"image.default\">\n\t\t\t\t<div class=\"elementor-widget-container\">\n\t\t\t\t\t\t\t\t\t\t\t\t\t\t\t\t<a href=\"https:\/\/frentecivica.com\/wp-content\/uploads\/2025\/04\/2025-Plano-e-Orcamento.pdf\" target=\"_blank\">\n\t\t\t\t\t\t\t<img decoding=\"async\" src=\"https:\/\/frentecivica.com\/wp-content\/uploads\/elementor\/thumbs\/download-pdf-e1672791547680-q0547m1ju0219p6w422pyz2zonpe3to1br3ddn4vg8.jpg\" title=\"download-pdf\" alt=\"download-pdf\" loading=\"lazy\" \/>\t\t\t\t\t\t\t\t<\/a>\n\t\t\t\t\t\t\t\t\t\t\t\t\t\t\t<\/div>\n\t\t\t\t<\/div>\n\t\t\t\t\t<\/div>\n\t\t<\/div>\n\t\t\t\t\t<\/div>\n\t\t<\/section>\n\t\t\t\t<section class=\"elementor-section elementor-top-section elementor-element elementor-element-456903a elementor-section-boxed elementor-section-height-default elementor-section-height-default\" data-id=\"456903a\" data-element_type=\"section\" data-settings=\"{&quot;background_background&quot;:&quot;classic&quot;}\">\n\t\t\t\t\t\t<div class=\"elementor-container elementor-column-gap-default\">\n\t\t\t\t\t<div class=\"elementor-column elementor-col-50 elementor-top-column elementor-element elementor-element-02d1009\" data-id=\"02d1009\" data-element_type=\"column\">\n\t\t\t<div class=\"elementor-widget-wrap elementor-element-populated\">\n\t\t\t\t\t\t<div class=\"elementor-element elementor-element-eb3bcd5 elementor-widget elementor-widget-heading\" data-id=\"eb3bcd5\" data-element_type=\"widget\" data-widget_type=\"heading.default\">\n\t\t\t\t<div class=\"elementor-widget-container\">\n\t\t\t\t\t<h2 class=\"elementor-heading-title elementor-size-default\">Actividades e contas 2024<\/h2>\t\t\t\t<\/div>\n\t\t\t\t<\/div>\n\t\t\t\t\t<\/div>\n\t\t<\/div>\n\t\t\t\t<div class=\"elementor-column elementor-col-50 elementor-top-column elementor-element elementor-element-413c2b5\" data-id=\"413c2b5\" data-element_type=\"column\">\n\t\t\t<div class=\"elementor-widget-wrap elementor-element-populated\">\n\t\t\t\t\t\t<div class=\"elementor-element elementor-element-010f4f5 elementor-widget elementor-widget-image\" data-id=\"010f4f5\" data-element_type=\"widget\" data-widget_type=\"image.default\">\n\t\t\t\t<div class=\"elementor-widget-container\">\n\t\t\t\t\t\t\t\t\t\t\t\t\t\t\t\t<a href=\"https:\/\/frentecivica.com\/wp-content\/uploads\/2025\/04\/2024-Relatorio-e-Contas.pdf\" target=\"_blank\">\n\t\t\t\t\t\t\t<img decoding=\"async\" src=\"https:\/\/frentecivica.com\/wp-content\/uploads\/elementor\/thumbs\/download-pdf-e1672791547680-q0547m1ju0219p6w422pyz2zonpe3to1br3ddn4vg8.jpg\" title=\"download-pdf\" alt=\"download-pdf\" loading=\"lazy\" \/>\t\t\t\t\t\t\t\t<\/a>\n\t\t\t\t\t\t\t\t\t\t\t\t\t\t\t<\/div>\n\t\t\t\t<\/div>\n\t\t\t\t\t<\/div>\n\t\t<\/div>\n\t\t\t\t\t<\/div>\n\t\t<\/section>\n\t\t\t\t<section class=\"elementor-section elementor-top-section elementor-element elementor-element-5a08b47 elementor-section-boxed elementor-section-height-default elementor-section-height-default\" data-id=\"5a08b47\" data-element_type=\"section\" data-settings=\"{&quot;background_background&quot;:&quot;classic&quot;}\">\n\t\t\t\t\t\t<div class=\"elementor-container elementor-column-gap-default\">\n\t\t\t\t\t<div class=\"elementor-column elementor-col-50 elementor-top-column elementor-element elementor-element-5e98031\" data-id=\"5e98031\" data-element_type=\"column\">\n\t\t\t<div class=\"elementor-widget-wrap elementor-element-populated\">\n\t\t\t\t\t\t<div class=\"elementor-element elementor-element-55f6c8a elementor-widget elementor-widget-heading\" data-id=\"55f6c8a\" data-element_type=\"widget\" data-widget_type=\"heading.default\">\n\t\t\t\t<div class=\"elementor-widget-container\">\n\t\t\t\t\t<h2 class=\"elementor-heading-title elementor-size-default\">Plano de actividades e or\u00e7amento 2024<\/h2>\t\t\t\t<\/div>\n\t\t\t\t<\/div>\n\t\t\t\t\t<\/div>\n\t\t<\/div>\n\t\t\t\t<div class=\"elementor-column elementor-col-50 elementor-top-column elementor-element elementor-element-190fd42\" data-id=\"190fd42\" data-element_type=\"column\">\n\t\t\t<div class=\"elementor-widget-wrap elementor-element-populated\">\n\t\t\t\t\t\t<div class=\"elementor-element elementor-element-3f8358e elementor-widget elementor-widget-image\" data-id=\"3f8358e\" data-element_type=\"widget\" data-widget_type=\"image.default\">\n\t\t\t\t<div class=\"elementor-widget-container\">\n\t\t\t\t\t\t\t\t\t\t\t\t\t\t\t\t<a href=\"https:\/\/frentecivica.com\/wp-content\/uploads\/2024\/08\/2024-Frente-Civica-Plano-e-Orcamento.pdf\" target=\"_blank\">\n\t\t\t\t\t\t\t<img decoding=\"async\" src=\"https:\/\/frentecivica.com\/wp-content\/uploads\/elementor\/thumbs\/download-pdf-e1672791547680-q0547m1ju0219p6w422pyz2zonpe3to1br3ddn4vg8.jpg\" title=\"download-pdf\" alt=\"download-pdf\" loading=\"lazy\" \/>\t\t\t\t\t\t\t\t<\/a>\n\t\t\t\t\t\t\t\t\t\t\t\t\t\t\t<\/div>\n\t\t\t\t<\/div>\n\t\t\t\t\t<\/div>\n\t\t<\/div>\n\t\t\t\t\t<\/div>\n\t\t<\/section>\n\t\t\t\t<section class=\"elementor-section elementor-top-section elementor-element elementor-element-2652182 elementor-section-boxed elementor-section-height-default elementor-section-height-default\" data-id=\"2652182\" data-element_type=\"section\" data-settings=\"{&quot;background_background&quot;:&quot;classic&quot;}\">\n\t\t\t\t\t\t<div class=\"elementor-container elementor-column-gap-default\">\n\t\t\t\t\t<div class=\"elementor-column elementor-col-50 elementor-top-column elementor-element elementor-element-6754bb8\" data-id=\"6754bb8\" data-element_type=\"column\">\n\t\t\t<div class=\"elementor-widget-wrap elementor-element-populated\">\n\t\t\t\t\t\t<div class=\"elementor-element elementor-element-a8ef3bd elementor-widget elementor-widget-heading\" data-id=\"a8ef3bd\" data-element_type=\"widget\" data-widget_type=\"heading.default\">\n\t\t\t\t<div class=\"elementor-widget-container\">\n\t\t\t\t\t<h2 class=\"elementor-heading-title elementor-size-default\">Actividades e contas 2023<\/h2>\t\t\t\t<\/div>\n\t\t\t\t<\/div>\n\t\t\t\t\t<\/div>\n\t\t<\/div>\n\t\t\t\t<div class=\"elementor-column elementor-col-50 elementor-top-column elementor-element elementor-element-0e81ff8\" data-id=\"0e81ff8\" data-element_type=\"column\">\n\t\t\t<div class=\"elementor-widget-wrap elementor-element-populated\">\n\t\t\t\t\t\t<div class=\"elementor-element elementor-element-22f4510 elementor-widget elementor-widget-image\" data-id=\"22f4510\" data-element_type=\"widget\" data-widget_type=\"image.default\">\n\t\t\t\t<div class=\"elementor-widget-container\">\n\t\t\t\t\t\t\t\t\t\t\t\t\t\t\t\t<a href=\"https:\/\/frentecivica.com\/wp-content\/uploads\/2024\/08\/2023-Relatorio-e-Contas-Frente-Civica.pdf\" target=\"_blank\">\n\t\t\t\t\t\t\t<img decoding=\"async\" src=\"https:\/\/frentecivica.com\/wp-content\/uploads\/elementor\/thumbs\/download-pdf-e1672791547680-q0547m1ju0219p6w422pyz2zonpe3to1br3ddn4vg8.jpg\" title=\"download-pdf\" alt=\"download-pdf\" loading=\"lazy\" \/>\t\t\t\t\t\t\t\t<\/a>\n\t\t\t\t\t\t\t\t\t\t\t\t\t\t\t<\/div>\n\t\t\t\t<\/div>\n\t\t\t\t\t<\/div>\n\t\t<\/div>\n\t\t\t\t\t<\/div>\n\t\t<\/section>\n\t\t\t\t<section class=\"elementor-section elementor-top-section elementor-element elementor-element-d075a36 elementor-section-boxed elementor-section-height-default elementor-section-height-default\" data-id=\"d075a36\" data-element_type=\"section\" data-settings=\"{&quot;background_background&quot;:&quot;classic&quot;}\">\n\t\t\t\t\t\t<div class=\"elementor-container elementor-column-gap-default\">\n\t\t\t\t\t<div class=\"elementor-column elementor-col-50 elementor-top-column elementor-element elementor-element-dbc31eb\" data-id=\"dbc31eb\" data-element_type=\"column\">\n\t\t\t<div class=\"elementor-widget-wrap elementor-element-populated\">\n\t\t\t\t\t\t<div class=\"elementor-element elementor-element-3a69c46 elementor-widget elementor-widget-heading\" data-id=\"3a69c46\" data-element_type=\"widget\" data-widget_type=\"heading.default\">\n\t\t\t\t<div class=\"elementor-widget-container\">\n\t\t\t\t\t<h2 class=\"elementor-heading-title elementor-size-default\">Plano de actividades e or\u00e7amento 2023<\/h2>\t\t\t\t<\/div>\n\t\t\t\t<\/div>\n\t\t\t\t\t<\/div>\n\t\t<\/div>\n\t\t\t\t<div class=\"elementor-column elementor-col-50 elementor-top-column elementor-element elementor-element-d3411e6\" data-id=\"d3411e6\" data-element_type=\"column\">\n\t\t\t<div class=\"elementor-widget-wrap elementor-element-populated\">\n\t\t\t\t\t\t<div class=\"elementor-element elementor-element-98fdace elementor-widget elementor-widget-image\" data-id=\"98fdace\" data-element_type=\"widget\" data-widget_type=\"image.default\">\n\t\t\t\t<div class=\"elementor-widget-container\">\n\t\t\t\t\t\t\t\t\t\t\t\t\t\t\t\t<a href=\"https:\/\/frentecivica.com\/wp-content\/uploads\/2023\/07\/2023-Atividades-e-Orcamento.pdf\" target=\"_blank\">\n\t\t\t\t\t\t\t<img decoding=\"async\" src=\"https:\/\/frentecivica.com\/wp-content\/uploads\/elementor\/thumbs\/download-pdf-e1672791547680-q0547m1ju0219p6w422pyz2zonpe3to1br3ddn4vg8.jpg\" title=\"download-pdf\" alt=\"download-pdf\" loading=\"lazy\" \/>\t\t\t\t\t\t\t\t<\/a>\n\t\t\t\t\t\t\t\t\t\t\t\t\t\t\t<\/div>\n\t\t\t\t<\/div>\n\t\t\t\t\t<\/div>\n\t\t<\/div>\n\t\t\t\t\t<\/div>\n\t\t<\/section>\n\t\t\t\t<section class=\"elementor-section elementor-top-section elementor-element elementor-element-14d745d elementor-section-boxed elementor-section-height-default elementor-section-height-default\" data-id=\"14d745d\" data-element_type=\"section\" data-settings=\"{&quot;background_background&quot;:&quot;classic&quot;}\">\n\t\t\t\t\t\t<div class=\"elementor-container elementor-column-gap-default\">\n\t\t\t\t\t<div class=\"elementor-column elementor-col-50 elementor-top-column elementor-element elementor-element-3ed5dd1\" data-id=\"3ed5dd1\" data-element_type=\"column\">\n\t\t\t<div class=\"elementor-widget-wrap elementor-element-populated\">\n\t\t\t\t\t\t<div class=\"elementor-element elementor-element-f0b0dfb elementor-widget elementor-widget-heading\" data-id=\"f0b0dfb\" data-element_type=\"widget\" data-widget_type=\"heading.default\">\n\t\t\t\t<div class=\"elementor-widget-container\">\n\t\t\t\t\t<h2 class=\"elementor-heading-title elementor-size-default\">Actividades e contas 2022<\/h2>\t\t\t\t<\/div>\n\t\t\t\t<\/div>\n\t\t\t\t\t<\/div>\n\t\t<\/div>\n\t\t\t\t<div class=\"elementor-column elementor-col-50 elementor-top-column elementor-element elementor-element-c802960\" data-id=\"c802960\" data-element_type=\"column\">\n\t\t\t<div class=\"elementor-widget-wrap elementor-element-populated\">\n\t\t\t\t\t\t<div class=\"elementor-element elementor-element-08cd526 elementor-widget elementor-widget-image\" data-id=\"08cd526\" data-element_type=\"widget\" data-widget_type=\"image.default\">\n\t\t\t\t<div class=\"elementor-widget-container\">\n\t\t\t\t\t\t\t\t\t\t\t\t\t\t\t\t<a href=\"https:\/\/frentecivica.com\/wp-content\/uploads\/2023\/07\/2022-Atividades-e-Contas.pdf\" target=\"_blank\">\n\t\t\t\t\t\t\t<img decoding=\"async\" src=\"https:\/\/frentecivica.com\/wp-content\/uploads\/elementor\/thumbs\/download-pdf-e1672791547680-q0547m1ju0219p6w422pyz2zonpe3to1br3ddn4vg8.jpg\" title=\"download-pdf\" alt=\"download-pdf\" loading=\"lazy\" \/>\t\t\t\t\t\t\t\t<\/a>\n\t\t\t\t\t\t\t\t\t\t\t\t\t\t\t<\/div>\n\t\t\t\t<\/div>\n\t\t\t\t\t<\/div>\n\t\t<\/div>\n\t\t\t\t\t<\/div>\n\t\t<\/section>\n\t\t\t\t<section class=\"elementor-section elementor-top-section elementor-element elementor-element-92d731c elementor-section-boxed elementor-section-height-default elementor-section-height-default\" data-id=\"92d731c\" data-element_type=\"section\" data-settings=\"{&quot;background_background&quot;:&quot;classic&quot;}\">\n\t\t\t\t\t\t<div class=\"elementor-container elementor-column-gap-default\">\n\t\t\t\t\t<div class=\"elementor-column elementor-col-50 elementor-top-column elementor-element elementor-element-5ec5477\" data-id=\"5ec5477\" data-element_type=\"column\">\n\t\t\t<div class=\"elementor-widget-wrap elementor-element-populated\">\n\t\t\t\t\t\t<div class=\"elementor-element elementor-element-45e3fef elementor-widget elementor-widget-heading\" data-id=\"45e3fef\" data-element_type=\"widget\" data-widget_type=\"heading.default\">\n\t\t\t\t<div class=\"elementor-widget-container\">\n\t\t\t\t\t<h2 class=\"elementor-heading-title elementor-size-default\">Plano de actividades e or\u00e7amento 2022<\/h2>\t\t\t\t<\/div>\n\t\t\t\t<\/div>\n\t\t\t\t\t<\/div>\n\t\t<\/div>\n\t\t\t\t<div class=\"elementor-column elementor-col-50 elementor-top-column elementor-element elementor-element-bc65729\" data-id=\"bc65729\" data-element_type=\"column\">\n\t\t\t<div class=\"elementor-widget-wrap elementor-element-populated\">\n\t\t\t\t\t\t<div class=\"elementor-element elementor-element-948f5e9 elementor-widget elementor-widget-image\" data-id=\"948f5e9\" data-element_type=\"widget\" data-widget_type=\"image.default\">\n\t\t\t\t<div class=\"elementor-widget-container\">\n\t\t\t\t\t\t\t\t\t\t\t\t\t\t\t\t<a href=\"https:\/\/frentecivica.com\/wp-content\/uploads\/2023\/01\/2022-Frente-Civica-Plano-e-Orcamento-2022.pdf\" target=\"_blank\">\n\t\t\t\t\t\t\t<img decoding=\"async\" src=\"https:\/\/frentecivica.com\/wp-content\/uploads\/elementor\/thumbs\/download-pdf-e1672791547680-q0547m1ju0219p6w422pyz2zonpe3to1br3ddn4vg8.jpg\" title=\"download-pdf\" alt=\"download-pdf\" loading=\"lazy\" \/>\t\t\t\t\t\t\t\t<\/a>\n\t\t\t\t\t\t\t\t\t\t\t\t\t\t\t<\/div>\n\t\t\t\t<\/div>\n\t\t\t\t\t<\/div>\n\t\t<\/div>\n\t\t\t\t\t<\/div>\n\t\t<\/section>\n\t\t\t\t<section class=\"elementor-section elementor-top-section elementor-element elementor-element-4c3b5f0 elementor-section-boxed elementor-section-height-default elementor-section-height-default\" data-id=\"4c3b5f0\" data-element_type=\"section\">\n\t\t\t\t\t\t<div class=\"elementor-container elementor-column-gap-default\">\n\t\t\t\t\t<div class=\"elementor-column elementor-col-100 elementor-top-column elementor-element elementor-element-75beba3\" data-id=\"75beba3\" data-element_type=\"column\">\n\t\t\t<div class=\"elementor-widget-wrap elementor-element-populated\">\n\t\t\t\t\t\t<div class=\"elementor-element elementor-element-1aef9a7 elementor-widget elementor-widget-text-editor\" data-id=\"1aef9a7\" data-element_type=\"widget\" data-widget_type=\"text-editor.default\">\n\t\t\t\t<div class=\"elementor-widget-container\">\n\t\t\t\t\t\t\t\t\t<p>A actividade da Frente C\u00edvica esteve suspensa por delibera\u00e7\u00e3o da Assembleia Geral entre 15 de Fevereiro de 2020 e 21 de Junho de 2021. Se pretender consultar documentos de presta\u00e7\u00e3o de contas anteriores \u00e0 suspens\u00e3o da actividade, envie-nos um email.<\/p>\t\t\t\t\t\t\t\t<\/div>\n\t\t\t\t<\/div>\n\t\t\t\t\t<\/div>\n\t\t<\/div>\n\t\t\t\t\t<\/div>\n\t\t<\/section>\n\t\t\t\t<\/div>\n\t\t","protected":false},"excerpt":{"rendered":"<p>Plano de actividades e or\u00e7amento 2025 Actividades e contas 2024 Plano de actividades e or\u00e7amento 2024 Actividades e contas 2023 Plano de actividades e or\u00e7amento 2023 Actividades e contas 2022 Plano de actividades e or\u00e7amento 2022 A actividade da Frente C\u00edvica esteve suspensa por delibera\u00e7\u00e3o da Assembleia Geral entre 15 de Fevereiro de 2020 e &#8230; <a title=\"Presta\u00e7\u00e3o de Contas\" class=\"read-more\" href=\"https:\/\/frentecivica.com\/?page_id=1363\" aria-label=\"Leia mais sobre Presta\u00e7\u00e3o de Contas\">Ler mais<\/a><\/p>\n","protected":false},"author":1,"featured_media":0,"parent":1299,"menu_order":4,"comment_status":"closed","ping_status":"closed","template":"","meta":{"footnotes":""},"class_list":["post-1363","page","type-page","status-publish"],"_links":{"self":[{"href":"https:\/\/frentecivica.com\/index.php?rest_route=\/wp\/v2\/pages\/1363","targetHints":{"allow":["GET"]}}],"collection":[{"href":"https:\/\/frentecivica.com\/index.php?rest_route=\/wp\/v2\/pages"}],"about":[{"href":"https:\/\/frentecivica.com\/index.php?rest_route=\/wp\/v2\/types\/page"}],"author":[{"embeddable":true,"href":"https:\/\/frentecivica.com\/index.php?rest_route=\/wp\/v2\/users\/1"}],"replies":[{"embeddable":true,"href":"https:\/\/frentecivica.com\/index.php?rest_route=%2Fwp%2Fv2%2Fcomments&post=1363"}],"version-history":[{"count":82,"href":"https:\/\/frentecivica.com\/index.php?rest_route=\/wp\/v2\/pages\/1363\/revisions"}],"predecessor-version":[{"id":2026,"href":"https:\/\/frentecivica.com\/index.php?rest_route=\/wp\/v2\/pages\/1363\/revisions\/2026"}],"up":[{"embeddable":true,"href":"https:\/\/frentecivica.com\/index.php?rest_route=\/wp\/v2\/pages\/1299"}],"wp:attachment":[{"href":"https:\/\/frentecivica.com\/index.php?rest_route=%2Fwp%2Fv2%2Fmedia&parent=1363"}],"curies":[{"name":"wp","href":"https:\/\/api.w.org\/{rel}","templated":true}]}}